{"id":141,"date":"2023-03-06T17:28:06","date_gmt":"2023-03-06T16:28:06","guid":{"rendered":"https:\/\/hotel-du-helder.ms.decms.eu\/mentions-legales\/"},"modified":"2023-10-03T13:32:54","modified_gmt":"2023-10-03T11:32:54","slug":"legal-notice","status":"publish","type":"page","link":"https:\/\/www.hotel-helder.fr\/en\/legal-notice\/","title":{"rendered":"Mentions l\u00e9gales et politique de confidentialit\u00e9"},"content":{"rendered":"<p style=\"text-align: center;\"><b>CONDITIONS GENERALES DE PRESTATIONS DE SERVICES<\/b><\/p>\n<p style=\"text-align: center;\"><i><span style=\"font-weight: 400;\">Version en date du 03 juillet 2023<\/span><\/i><\/p>\n<p>&nbsp;<\/p>\n<p><b>Article 1 \u2013 DEFINITIONS<\/b><\/p>\n<p><span style=\"font-weight: 400;\">Les termes d\u00e9finis ci-apr\u00e8s auront les significations suivantes dans les pr\u00e9sentes conditions g\u00e9n\u00e9rales de prestations de services\u00a0:\u00a0<\/span><\/p>\n<p><span style=\"font-weight: 400;\">\u00ab\u00a0<\/span><b>Client(s)<\/b><span style=\"font-weight: 400;\">\u00a0\u00bb\u00a0: d\u00e9signe toute personne physique ayant la majorit\u00e9 l\u00e9gale et la pleine capacit\u00e9 juridique lui permettant de s\u2019engager au titre des pr\u00e9sentes Conditions G\u00e9n\u00e9rales, \u00e0 des fins personnelles qui n\u2019entrent pas dans le cadre de son activit\u00e9 commerciale, industrielle, artisanale, lib\u00e9rale ou agricole.\u00a0<\/span><\/p>\n<p><span style=\"font-weight: 400;\">\u00ab\u00a0<\/span><b>Conditions<\/b> <b>G\u00e9n\u00e9rales<\/b><span style=\"font-weight: 400;\">\u00a0\u00bb\u00a0: d\u00e9signent les pr\u00e9sentes Conditions G\u00e9n\u00e9rales de prestations de services de l\u2019H\u00f4tel du Helder, ainsi que leurs annexes qui en font partie int\u00e9grante.<\/span><\/p>\n<p><b>\u00ab\u00a0Conditions tarifaires\u00a0\u00bb\u00a0:<\/b><span style=\"font-weight: 400;\"> d\u00e9signe l\u2019ensemble des prix des prestations et des services offerts par Institut H\u00f4tel \u00e0 ses Clients.\u00a0<\/span><\/p>\n<p><span style=\"font-weight: 400;\">\u00ab\u00a0<\/span><b>Confirmation de r\u00e9servation<\/b><span style=\"font-weight: 400;\">\u00a0\u00bb\u00a0: d\u00e9signe le document r\u00e9capitulant les d\u00e9tails de la r\u00e9servation faite par le Client, envoy\u00e9 par le Site Internet ou transmis par l\u2019H\u00f4tel directement au Client.\u00a0\u00a0<\/span><\/p>\n<p><span style=\"font-weight: 400;\">\u00ab\u00a0<\/span><b>H\u00f4tel du Helder<\/b><span style=\"font-weight: 400;\">\u00a0\u00bb <\/span><i><span style=\"font-weight: 400;\">ou<\/span><\/i><span style=\"font-weight: 400;\"> \u00ab\u00a0<\/span><b>H\u00f4tel<\/b><span style=\"font-weight: 400;\">\u00a0\u00bb\u00a0: d\u00e9signe l\u2019h\u00f4tel situ\u00e9 38 rue de Marseille &#8211; 69007 Lyon &#8211; France, qui est exploit\u00e9 par la soci\u00e9t\u00e9 \u00ab\u00a0Institut H\u00f4tel\u00a0\u00bb.\u00a0<\/span><\/p>\n<p><span style=\"font-weight: 400;\">\u00ab\u00a0<\/span><b>Institut H\u00f4tel<\/b><span style=\"font-weight: 400;\">\u00a0\u00bb\u00a0: d\u00e9signe la soci\u00e9t\u00e9 \u00e0 responsabilit\u00e9 limit\u00e9e, au capital de 9.600 euros, ayant des activit\u00e9s d\u2019h\u00f4tellerie et d\u2019h\u00e9bergement similaire, dont le si\u00e8ge social est situ\u00e9 19 rue Salomon Reinach &#8211; 69007 Lyon, inscrite au Registre du Commerce et des Soci\u00e9t\u00e9s de Lyon, sous le num\u00e9ro unique d\u2019identification 954\u00a0502\u00a0936 dont le num\u00e9ro unique d\u2019identification TVA est <\/span><b>FR 47 954 502 936 <\/b><span style=\"font-weight: 400;\">et dont le service client\u00e8le est accessible par courriel \u00e0 l\u2019adresse contact@helder.fr et\/ou par t\u00e9l\u00e9phone au 04.78.61.61.61.\u00a0<\/span><\/p>\n<p><b>\u00ab\u00a0Partie(s)\u00a0\u00bb<\/b><span style=\"font-weight: 400;\">\u00a0:<\/span> <span style=\"font-weight: 400;\">d\u00e9signe s\u00e9par\u00e9ment ou conjointement Institut H\u00f4tel et le Client.<\/span><\/p>\n<p><b>\u00ab\u00a0Politique de confidentialit\u00e9\u00a0\u00bb<\/b><span style=\"font-weight: 400;\">\u00a0:<\/span> <span style=\"font-weight: 400;\">d\u00e9signe le document qui expose les engagements de Institut H\u00f4tel en mati\u00e8re de traitement des donn\u00e9es personnelles des Clients dans le cadre d\u2019une R\u00e9servation, d\u2019un S\u00e9jour ou d\u2019un formulaire de contact \u00e0 l\u2019H\u00f4tel du Helder.\u00a0<\/span><\/p>\n<p><b>\u00ab\u00a0R\u00e8glement Int\u00e9rieur\u00a0\u00bb\u00a0: <\/b><span style=\"font-weight: 400;\">d\u00e9signe les r\u00e8gles de conduite que le Client doit adopter au sein de l\u2019H\u00f4tel du Helder. Ce R\u00e8glement est disponible en annexe des pr\u00e9sentes Conditions G\u00e9n\u00e9rales.<\/span><b>\u00a0<\/b><\/p>\n<p><span style=\"font-weight: 400;\">\u00ab\u00a0<\/span><b>R\u00e9servation\u00a0\u00bb<\/b><span style=\"font-weight: 400;\">\u00a0: d\u00e9signe toute demande de r\u00e9servation de chambre(s) d\u2019h\u00f4tel et\/ou de Services Compl\u00e9mentaires effectu\u00e9e par le Client.<\/span><\/p>\n<p><span style=\"font-weight: 400;\">\u00ab\u00a0<\/span><b>R\u00e9servation \u00e0 distance<\/b><span style=\"font-weight: 400;\">\u00a0\u00bb\u00a0: d\u00e9signe la R\u00e9servation effectu\u00e9e par le Client sur le Site Internet de l\u2019H\u00f4tel du Helder.\u00a0<\/span><\/p>\n<p><span style=\"font-weight: 400;\">\u00ab<\/span><b>\u00a0R\u00e9servation physique<\/b><span style=\"font-weight: 400;\">\u00a0\u00bb\u00a0: d\u00e9signe la R\u00e9servation effectu\u00e9e par le Client directement au \u00e0 la r\u00e9ception de l\u2019H\u00f4tel du Helder aupr\u00e8s des employ\u00e9s de cet H\u00f4tel.\u00a0<\/span><\/p>\n<p><span style=\"font-weight: 400;\">\u00ab\u00a0<\/span><b>Services Compl\u00e9mentaires<\/b><span style=\"font-weight: 400;\">\u00a0\u00bb\u00a0: d\u00e9signe la ou les services compl\u00e9mentaires auxdits Services d\u2019H\u00e9bergement, tels que par exemple une demande de petit d\u00e9jeuner ou bien une demande de r\u00e9servation de parking. Cette liste est non exhaustive.<\/span><\/p>\n<p><span style=\"font-weight: 400;\">\u00ab\u00a0<\/span><b>Services d\u2019H\u00e9bergement<\/b><span style=\"font-weight: 400;\"> \u00bb\u00a0: d\u00e9signe la ou les prestation(s) de r\u00e9servation de chambre(s) d\u2019H\u00f4tel et\/ ou plus g\u00e9n\u00e9ralement d\u2019h\u00e9bergement(s) effectu\u00e9e par le Client \u00e0 distance sur le Site Internet de l\u2019H\u00f4tel, par courrier \u00e9lectronique, ou directement physiquement aupr\u00e8s des membres travaillant au sein de l\u2019H\u00f4tel du Helder.\u00a0<\/span><\/p>\n<p><span style=\"font-weight: 400;\">\u00a0\u00ab\u00a0<\/span><b>Site<\/b> <b>Internet<\/b><span style=\"font-weight: 400;\">\u00a0\u00bb\u00a0: d\u00e9signe le site web accessible \u00e0 l\u2019adresse https:\/\/hotel-helder.fr\/ et \u00e9dit\u00e9 par Institut H\u00f4tel, h\u00e9berg\u00e9 par OVH, soci\u00e9t\u00e9 par actions simplifi\u00e9e \u00e0 associ\u00e9 unique, immatricul\u00e9e au Registre du Commerce et des Soci\u00e9t\u00e9s de Lille M\u00e9tropole sous le num\u00e9ro 424\u00a0761\u00a0419, dont le si\u00e8ge social est 2 rue Kellermann \u00e0 59100 Roubaix.\u00a0<\/span><\/p>\n<p>&nbsp;<\/p>\n<p><b>Article 2 \u2013 OBJET ET PRINCIPES GENERAUX<\/b><\/p>\n<p><b>2.1<\/b><span style=\"font-weight: 400;\"> Les pr\u00e9sentes Conditions G\u00e9n\u00e9rales ont pour objet de d\u00e9finir les modalit\u00e9s et les conditions dans lesquelles l\u2019H\u00f4tel du Helder permet \u00e0 ses Clients de b\u00e9n\u00e9ficier de l\u2019ensemble des Services d\u2019H\u00e9bergement et\/ou de l\u2019ensemble des Services Compl\u00e9mentaires au sein de l\u2019H\u00f4tel du Helder.<\/span><\/p>\n<p><b>2.2<\/b><span style=\"font-weight: 400;\"> Toute R\u00e9servation de Services d\u2019H\u00e9bergement et\/ou de Services Compl\u00e9mentaires propos\u00e9s par l\u2019H\u00f4tel du Helder implique au pr\u00e9alable la consultation et l\u2019acceptation compl\u00e8te et sans r\u00e9serve du Client des pr\u00e9sentes Conditions G\u00e9n\u00e9rales mais \u00e9galement des Conditions tarifaires et de la Politique de confidentialit\u00e9. Le Client d\u00e9clare avoir obtenu de l\u2019H\u00f4tel toutes les informations n\u00e9cessaires et disponibles pour proc\u00e9der \u00e0 la R\u00e9servation de Services d\u2019H\u00e9bergement et\/ou de Services Compl\u00e9mentaires.<\/span><b>\u00a0<\/b><\/p>\n<p><b>2.3<\/b><span style=\"font-weight: 400;\"> Les pr\u00e9sentes Conditions G\u00e9n\u00e9rales sont accessibles \u00e0 tout moment sur le Site Internet de l\u2019H\u00f4tel ou \u00e0 la r\u00e9ception de l\u2019H\u00f4tel et pr\u00e9vaudront, le cas \u00e9ch\u00e9ant, sur toute autre version ou document contradictoire.<\/span><\/p>\n<p><b>2.4<\/b><span style=\"font-weight: 400;\"> L\u2019h\u00f4tel du Helder se r\u00e9serve le droit d\u2019adapter, de modifier ou de compl\u00e9ter, \u00e0 tout moment, tout ou partie, des pr\u00e9sentes Conditions G\u00e9n\u00e9rales. En tout \u00e9tat de cause, la version applicable au Client est celle en vigueur \u00e0 la date de la R\u00e9servation. Il est conseill\u00e9 aux Clients de consulter r\u00e9guli\u00e8rement les Conditions G\u00e9n\u00e9rales pour prendre connaissance de toute modification \u00e9ventuelle.\u00a0<\/span><\/p>\n<p><b>2.5<\/b><span style=\"font-weight: 400;\"> Le fait de ne pas exercer, \u00e0 un moment quelconque, une pr\u00e9rogative reconnue par les Conditions G\u00e9n\u00e9rales ou de ne pas exiger l&#8217;application de l&#8217;une quelconque de ses stipulations ne pourra en aucun cas \u00eatre interpr\u00e9t\u00e9, ni comme une modification des Conditions G\u00e9n\u00e9rales, ni comme une renonciation expresse ou tacite au droit d&#8217;exercer ladite pr\u00e9rogative dans l&#8217;avenir ou au droit d&#8217;exiger l&#8217;ex\u00e9cution scrupuleuse des engagements souscrits aux Conditions G\u00e9n\u00e9rales.\u00a0<\/span><\/p>\n<p><b>2.6 <\/b><span style=\"font-weight: 400;\">Toute clause des pr\u00e9sentes Conditions G\u00e9n\u00e9rales qui viendrait \u00e0 \u00eatre d\u00e9clar\u00e9e nulle ou illicite par une d\u00e9cision de justice serait priv\u00e9e d\u2019effet, mais sa nullit\u00e9 ne saurait porter atteinte aux autres stipulations, ni affecter la validit\u00e9 des Conditions G\u00e9n\u00e9rales dans leur ensemble ou leurs effets juridique.\u00a0<\/span><\/p>\n<p><b>2.7<\/b><span style=\"font-weight: 400;\"> Les donn\u00e9es enregistr\u00e9es dans le syst\u00e8me informatique de l\u2019H\u00f4tel du Helder constituent la preuve de l\u2019ensemble des transactions conclues avec le Client. Ainsi, la R\u00e9servation, la saisie des informations bancaires, l\u2019acceptation des Conditions G\u00e9n\u00e9rales, des Conditions tarifaires, et de la Politique de confidentialit\u00e9 entre l\u2019H\u00f4tel du Helder et le Client, a la m\u00eame valeur qu\u2019une signature manuscrite sur support papier. Les registres informatis\u00e9s conserv\u00e9s dans les syst\u00e8mes informatiques de l\u2019H\u00f4tel du Helder seront conserv\u00e9s dans des conditions raisonnables de s\u00e9curit\u00e9 et consid\u00e9r\u00e9s comme des preuves de communication, commande et paiement intervenues entre l\u2019H\u00f4tel du Helder et le Client.\u00a0<\/span><\/p>\n<p><b>Article 3 \u2013 RESERVATION DES SERVICES\u00a0<\/b><\/p>\n<p><b>3.1 Dispositions Communes\u00a0<\/b><\/p>\n<p><b>3.1.1<\/b><span style=\"font-weight: 400;\"> Le Client reconnait avoir pris connaissance de la nature, la destination et les modalit\u00e9s de R\u00e9servation des Services propos\u00e9s par l\u2019H\u00f4tel du Helder et avoir sollicit\u00e9 et obtenu les informations n\u00e9cessaires pour effectuer sa R\u00e9servation en toute connaissance de cause. Il est seul responsable de son choix de Services et de leur ad\u00e9quation \u00e0 ses besoins, de telle sorte que la responsabilit\u00e9 de l\u2019H\u00f4tel du Helder ne peut plus \u00eatre recherch\u00e9es.\u00a0<\/span><\/p>\n<p><b>3.1.2<\/b><span style=\"font-weight: 400;\"> Le Client atteste de la v\u00e9racit\u00e9 et de l\u2019exactitude des informations transmises, et s\u2019engage \u00e0 signaler imm\u00e9diatement toute erreur aupr\u00e8s de l\u2019H\u00f4tel du Helder.\u00a0<\/span><\/p>\n<p><b>3.1.3<\/b><span style=\"font-weight: 400;\"> L\u2019enregistrement d\u2019une R\u00e9servation est r\u00e9alis\u00e9 lorsque le Client accepte l\u2019int\u00e9gralit\u00e9 des pr\u00e9sentes Conditions G\u00e9n\u00e9rales, des Conditions tarifaires et de la Politique de confidentialit\u00e9 en cochant la case pr\u00e9vue \u00e0 cet effet et valide sa R\u00e9servation.\u00a0<\/span><\/p>\n<p><b>3.1.4<\/b><span style=\"font-weight: 400;\"> La vente de Services ne sera consid\u00e9r\u00e9e comme d\u00e9finitive qu\u2019apr\u00e8s l\u2019envoi au Client de la Confirmation de la R\u00e9servation par courrier \u00e9lectronique et apr\u00e8s encaissement par celui-ci de l\u2019int\u00e9gralit\u00e9 du prix.\u00a0<\/span><\/p>\n<p><b>3.1.5<\/b><span style=\"font-weight: 400;\"> L\u2019h\u00f4tel se r\u00e9serve le droit d\u2019annuler ou de refuser toute R\u00e9servation d\u2019un Client avec lequel il existerait un litige relatif au paiement d\u2019une R\u00e9servation ant\u00e9rieure.\u00a0<\/span><\/p>\n<p><b>3.1.6<\/b><span style=\"font-weight: 400;\"> Chaque R\u00e9servation est nominative et ne peut en aucun cas \u00eatre c\u00e9d\u00e9e \u00e0 un tiers.<\/span><\/p>\n<p><b>3.2 Dispositions sp\u00e9cifiques selon le type de r\u00e9servation\u00a0<\/b><\/p>\n<p><span style=\"font-weight: 400;\">La R\u00e9servation des Services d\u2019H\u00e9bergement, et\/ou des Services Compl\u00e9mentaires peut \u00eatre effectu\u00e9e par le Client sur place aupr\u00e8s des employ\u00e9s de l\u2019H\u00f4tel du Helder (<\/span><i><span style=\"font-weight: 400;\">3.1<\/span><\/i><span style=\"font-weight: 400;\">), par courrier \u00e9lectronique \u00e0 l\u2019adresse contact@helder.fr (3.2), mais \u00e9galement \u00e0 distance sur le Site Internet (<\/span><i><span style=\"font-weight: 400;\">3.3<\/span><\/i><span style=\"font-weight: 400;\">).<\/span><\/p>\n<p><b><i>3.2.1 R\u00e9servation physique au sein de l\u2019H\u00f4tel du Helder<\/i><\/b><\/p>\n<p><b>3.2.1.1 <\/b><span style=\"font-weight: 400;\">Le Client peut se rendre directement sur place \u00e0 la r\u00e9ception de l\u2019H\u00f4tel du Helder, et solliciter la R\u00e9servation de Services d\u2019H\u00e9bergement et\/ou de Services Compl\u00e9mentaires aupr\u00e8s des employ\u00e9s de l\u2019H\u00f4tel du Helder. L\u2019H\u00f4tel du Helder proposera les chambres qui demeurent disponibles eu \u00e9gard aux pr\u00e9requis du Client \u00e0 savoir le nombre de personnes, la dur\u00e9e du s\u00e9jour, le prix etc.\u00a0<\/span><\/p>\n<p><b><i>3.2.2 R\u00e9servation par courrier \u00e9lectronique<\/i><\/b><\/p>\n<p><b>3.2.2.1<\/b><span style=\"font-weight: 400;\"> Le Client peut contacter l\u2019H\u00f4tel du Helder par courrier \u00e9lectronique \u00e0 l\u2019adresse contact@helder.fr afin de solliciter la R\u00e9servation de Services d\u2019H\u00e9bergement et\/ou de Services Compl\u00e9mentaires.\u00a0<\/span><\/p>\n<p><b><i>3.2.2.2<\/i><\/b><span style=\"font-weight: 400;\"> Le Client doit indiquer par courrier \u00e9lectronique la date de son arriv\u00e9e, la date de son d\u00e9part, le nombre d\u2019adulte(s), d\u2019enfant(s) et\/ou de b\u00e9b\u00e9(s), le type de chambre(s) souhait\u00e9e(s), ainsi que les Services Compl\u00e9mentaires souhait\u00e9s (tels que le petit d\u00e9jeuner par exemple).\u00a0<\/span><\/p>\n<p><b>3.2.2.3<\/b><span style=\"font-weight: 400;\"> L\u2019H\u00f4tel du Helder accuse r\u00e9ception de la R\u00e9servation par l\u2019envoi au Client d\u2019un courrier \u00e9lectronique dans un d\u00e9lai de 48 heures maximum \u00e0 l\u2019adresse \u00e9lectronique communiqu\u00e9e par le Client, en lui transmettant la Confirmation de la R\u00e9servation indiquant le Prix total du S\u00e9jour, dont il sera redevable le jour de son arriv\u00e9e aupr\u00e8s de la r\u00e9ception de l\u2019H\u00f4tel.\u00a0<\/span><\/p>\n<p><b>3.2.2.4<\/b><span style=\"font-weight: 400;\"> Le Client doit se pr\u00e9senter \u00e0 l\u2019H\u00f4tel du Helder, le jour de son arriv\u00e9e, pour proc\u00e9der au paiement de son s\u00e9jour selon les modalit\u00e9s d\u00e9finies \u00e0 l\u2019article 5.2 des Conditions G\u00e9n\u00e9rales.\u00a0<\/span><\/p>\n<p><b><i>3.2.3 R\u00e9servation \u00e0 distance sur le Site Internet<\/i><\/b><\/p>\n<p><b>3.2.3.1<\/b><span style=\"font-weight: 400;\"> Le Client peut \u00e9galement se rendre sur le Site Internet et s\u00e9lectionner les Services qu\u2019il d\u00e9sire r\u00e9server, selon les modalit\u00e9s suivantes\u00a0:\u00a0<\/span><\/p>\n<ul>\n<li style=\"font-weight: 400;\" aria-level=\"1\"><i><span style=\"font-weight: 400;\">a<\/span><\/i><span style=\"font-weight: 400;\">. Apr\u00e8s avoir cliqu\u00e9 sur l\u2019onglet \u00ab\u00a0<\/span><i><span style=\"font-weight: 400;\">r\u00e9servation<\/span><\/i><span style=\"font-weight: 400;\">\u00a0\u00bb, le Client doit indiquer les crit\u00e8res de sa demande \u00e0 savoir la date d\u2019arriv\u00e9e, la date de d\u00e9part, le nombre d\u2019adulte(s), d\u2019enfant(s) et de b\u00e9b\u00e9(s). Le Client devra ensuite cliquer sur \u00ab\u00a0<\/span><i><span style=\"font-weight: 400;\">V\u00e9rifier les disponibilit\u00e9s<\/span><\/i><span style=\"font-weight: 400;\">\u00a0\u00bb.\u00a0<\/span><\/li>\n<li style=\"font-weight: 400;\" aria-level=\"1\"><i><span style=\"font-weight: 400;\">b<\/span><\/i><span style=\"font-weight: 400;\">. Une s\u00e9lection de chambres est propos\u00e9e au Client par le Site Internet.<\/span><\/li>\n<li style=\"font-weight: 400;\" aria-level=\"1\"><i><span style=\"font-weight: 400;\">c<\/span><\/i><span style=\"font-weight: 400;\">. Le Client s\u00e9lectionne une ou plusieurs chambre(s) parmi les propositions disponibles.\u00a0<\/span><\/li>\n<li style=\"font-weight: 400;\" aria-level=\"1\"><i><span style=\"font-weight: 400;\">d<\/span><\/i><span style=\"font-weight: 400;\">. Le Client peut s\u00e9lectionner le cas \u00e9ch\u00e9ant des Services Compl\u00e9mentaires tels que le petit d\u00e9jeuner, puis appuyer sur la touche \u00ab <\/span><i><span style=\"font-weight: 400;\">R\u00e9server<\/span><\/i><span style=\"font-weight: 400;\">\u00a0\u00bb.\u00a0<\/span><\/li>\n<li style=\"font-weight: 400;\" aria-level=\"1\"><i><span style=\"font-weight: 400;\">e<\/span><\/i><span style=\"font-weight: 400;\">. Le Client compl\u00e8te le formulaire de R\u00e9servation en indiquant l\u2019ensemble de ses coordonn\u00e9es et les coordonn\u00e9es des diff\u00e9rents occupants de la Chambre (civilit\u00e9, nom, pr\u00e9nom, adresse email, num\u00e9ro de t\u00e9l\u00e9phone, l\u2019adresse postale et le pays de r\u00e9sidence), ses modalit\u00e9s d\u2019arriv\u00e9e (heure d\u2019arriv\u00e9e), ses demandes sp\u00e9ciales (qui ne pourront \u00eatre garanties), ainsi que sa volont\u00e9 ou non de souscrire \u00e0 l\u2019assurance annulation.\u00a0<\/span><\/li>\n<li style=\"font-weight: 400;\" aria-level=\"1\"><i><span style=\"font-weight: 400;\">f<\/span><\/i><span style=\"font-weight: 400;\">. Le Client doit prendre connaissance des Conditions G\u00e9n\u00e9rales, des Conditions tarifaires ainsi que de la Politique de confidentialit\u00e9, et les accepter en cochant la case pr\u00e9vue \u00e0 cet effet.\u00a0<\/span><\/li>\n<li style=\"font-weight: 400;\" aria-level=\"1\"><i><span style=\"font-weight: 400;\">g<\/span><\/i><span style=\"font-weight: 400;\">. Le Client confirme sa R\u00e9servation et saisie ses coordonn\u00e9es bancaires pour proc\u00e9der au paiement (Num\u00e9ro de carte bancaire, titulaire de la carte bancaire, date d\u2019expiration et cryptogramme)\u00a0<\/span><\/li>\n<li style=\"font-weight: 400;\" aria-level=\"1\"><i><span style=\"font-weight: 400;\">h<\/span><\/i><span style=\"font-weight: 400;\">. Le Client finalise sa R\u00e9servation.\u00a0<\/span><\/li>\n<\/ul>\n<p><b>3.2.3.2<\/b><span style=\"font-weight: 400;\"> Sur le Site Internet, le Client a la possibilit\u00e9 de v\u00e9rifier le d\u00e9tail de sa R\u00e9servation, son prix total et de corriger d\u2019\u00e9ventuelles erreurs avant de confirmer son acceptation conform\u00e9ment \u00e0 l\u2019article 1127-2 du Code civil.\u00a0<\/span><\/p>\n<p><b>3.2.3.3<\/b><span style=\"font-weight: 400;\"> Toute R\u00e9servation pass\u00e9e sur le Site Internet constitue la formation d\u2019un contrat conclu \u00e0 distance entre le Client et l\u2019H\u00f4tel du Helder.\u00a0<\/span><\/p>\n<p>&nbsp;<\/p>\n<p><b>Article 4 \u2013 TARIFS\u00a0<\/b><\/p>\n<p><b>4.1<\/b><span style=\"font-weight: 400;\"> Les prix sont exprim\u00e9s en Euros, Hors Taxes (\u00ab\u00a0HT\u00a0\u00bb) ou Toutes Taxes Comprises (\u00ab\u00a0TTC\u00a0\u00bb). Les tarifs des Services d\u2019H\u00e9bergement s\u2019entendent par chambre pour le nombre de personnes et la date s\u00e9lectionn\u00e9e. Les tarifs sont confirm\u00e9s au Client en montant TTC (hors taxes de s\u00e9jour) dans la devise commerciale de l\u2019H\u00f4tel.<\/span><\/p>\n<p><b>4.2 <\/b><span style=\"font-weight: 400;\">Ces tarifs sont fermes et non r\u00e9visables pendant leur p\u00e9riode de validit\u00e9, ils sont indiqu\u00e9s sur le Site Internet de l\u2019H\u00f4tel et \u00e0 la r\u00e9ception de l\u2019H\u00f4tel. L\u2019H\u00f4tel du Helder se r\u00e9serve le droit, hors cette p\u00e9riode de validit\u00e9, de modifier les prix \u00e0 tout moment.\u00a0<\/span><\/p>\n<p><b>4.3<\/b><span style=\"font-weight: 400;\"> Les prix tiennent compte de la TVA applicable au jour de la R\u00e9servation. Tout changement du taux applicable de la TVA sera automatiquement r\u00e9percut\u00e9 sur les prix indiqu\u00e9s \u00e0 la date de la facturation. Il sera de m\u00eame de toute modification ou instauration de nouvelles taxes l\u00e9gales ou r\u00e9glementaires impos\u00e9es par les Autorit\u00e9s comp\u00e9tentes.<\/span><\/p>\n<p><b>4.4<\/b><span style=\"font-weight: 400;\"> Les tarifs ne comprennent pas la Taxe de s\u00e9jour, qui est r\u00e9glable directement sur place aupr\u00e8s de l\u2019H\u00f4tel \u00e0 l\u2019arriv\u00e9e.<\/span><\/p>\n<p><b>4.5 <\/b><span style=\"font-weight: 400;\">Sauf mention contraire sur le Site Internet, les Services Compl\u00e9mentaires (petit d\u00e9jeuner, parking etc) ne sont pas inclus dans le prix, et sont affich\u00e9s distinctement.\u00a0<\/span><\/p>\n<p><b>4.6<\/b><span style=\"font-weight: 400;\"> La conversion en monnaie \u00e9trang\u00e8re est donn\u00e9e \u00e0 titre indicatif et non contractuelle. Si un tarif implique un paiement directement \u00e0 l\u2019H\u00f4tel lors de l\u2019arriv\u00e9e ou du d\u00e9part du Client et que la monnaie du Client n\u2019est pas la m\u00eame que celle de l\u2019H\u00f4tel, le tarif de l\u2019H\u00f4tel est susceptible d\u2019\u00eatre diff\u00e9rent de celui qui a \u00e9t\u00e9 communiqu\u00e9 lors de la R\u00e9servation, compte tenu de l\u2019\u00e9volution du taux de change entre la date de R\u00e9servation de la date de paiement.\u00a0<\/span><\/p>\n<p>&nbsp;<\/p>\n<p><b>Article 5 \u2013PAIEMENT\u00a0<\/b><\/p>\n<p><b>5.1 Paiement en ligne\u00a0<\/b><\/p>\n<p><b>5.1.1<\/b><span style=\"font-weight: 400;\"> Pour toute R\u00e9servation effectu\u00e9e sur le Site Internet il est demand\u00e9 au Client, \u00e0 l\u2019issue du processus de R\u00e9servation mentionn\u00e9 \u00e0 l\u2019article 3.2.3.1 ses donn\u00e9es de paiement de carte bancaire \u00e0 titre de paiement.\u00a0<\/span><\/p>\n<p><b>5.1.2<\/b><span style=\"font-weight: 400;\"> Le Client est d\u00e9bit\u00e9 d\u2019un montant int\u00e9gral du s\u00e9jour taxes incluses, et le cas \u00e9ch\u00e9ant, le prix des Services Compl\u00e9mentaires s\u00e9lectionn\u00e9s par le Client, \u00e0 l\u2019exception des taxes de s\u00e9jour qui sont toujours pay\u00e9es par le Client, sur place \u00e0 la r\u00e9ception de l\u2019H\u00f4tel, le jour de son arriv\u00e9e.<\/span><\/p>\n<p><b>5.1.3<\/b><span style=\"font-weight: 400;\"> Les moyens de paiement en ligne disponibles et mentionn\u00e9s sur le Site Internet, peuvent \u00eatre les cartes bancaires suivantes\u00a0: Visa, MasterCard, AmericanExpress, DinersClub, Jcb.\u00a0<\/span><\/p>\n<p><b>5.1.4 <\/b><span style=\"font-weight: 400;\">Les donn\u00e9es de paiement sont \u00e9chang\u00e9es en mode crypt\u00e9 gr\u00e2ce au protocole SSL.\u00a0\u00a0<\/span><\/p>\n<p><b>5.2 Paiement sur place\u00a0<\/b><\/p>\n<p><b>5.2.1<\/b><span style=\"font-weight: 400;\"> Le prix des Services est payable comptant, en totalit\u00e9 au jour de l\u2019arriv\u00e9e du Client par\u00a0cartes bancaires, par virement bancaire ou par ch\u00e8ques vacances. Les ch\u00e8ques ne sont pas accept\u00e9s par l\u2019H\u00f4tel du Helder.\u00a0<\/span><\/p>\n<p><b>5.2.2<\/b><span style=\"font-weight: 400;\"> Les Cartes bancaires accept\u00e9es par l\u2019H\u00f4tel du Helder sont Visa, MasterCard, AmericanExpress, DinnersClub, et Jcb.<\/span><\/p>\n<p><b>5.3 Dispositions communes<\/b><\/p>\n<p><b>5.3.1 <\/b><span style=\"font-weight: 400;\">L\u2019H\u00f4tel se r\u00e9serve le droit de demander au Client de pr\u00e9senter une pi\u00e8ce d\u2019identit\u00e9 et\/ou toute information relative \u00e0 l\u2019identit\u00e9 du Client \u00e0 des fins de pr\u00e9vention des fraudes \u00e0 la carte bancaire.<\/span><\/p>\n<p><b>5.3.2<\/b><span style=\"font-weight: 400;\"> Une facture sera envoy\u00e9e sous format \u00e9lectronique \u00e0 l\u2019adresse email communiqu\u00e9e par le Client. Si le Client souhaite recevoir une facture sous format papier, il devra express\u00e9ment en faire la demande aupr\u00e8s de l\u2019H\u00f4tel du Helder.\u00a0<\/span><\/p>\n<p><b>5.3.3<\/b><span style=\"font-weight: 400;\"> Les Services Compl\u00e9mentaires qui ont \u00e9t\u00e9 r\u00e9serv\u00e9s par le Client, post\u00e9rieurement \u00e0 sa R\u00e9servation, seront directement pay\u00e9s par ce dernier \u00e0 la r\u00e9ception de l\u2019H\u00f4tel avant son d\u00e9part.<\/span><\/p>\n<p><b>Article 6 \u2013 ANNULATION OU MODIFICATION\u00a0<\/b><\/p>\n<p><b>6.1<\/b><span style=\"font-weight: 400;\"> Pour toute R\u00e9servation effectu\u00e9e sur les Services, le Client peut annuler ou modifier sa R\u00e9servation le jour pr\u00e9c\u00e9dent son arriv\u00e9e, avant 14h00 en cliquant sur le lien disponible \u00e0 la fin de l\u2019email de Confirmation de R\u00e9servation et en suivant les instructions. Le Client peut \u00e9galement se rendre sur le Site Internet par l\u2019interm\u00e9diaire de la rubrique \u00ab\u00a0<\/span><i><span style=\"font-weight: 400;\">modifier ou annuler une R\u00e9servation<\/span><\/i><span style=\"font-weight: 400;\">\u00a0\u00bb. Le Client b\u00e9n\u00e9ficie d\u2019un droit au remboursement de son s\u00e9jour. .\u00a0<\/span><\/p>\n<p><b>6.2<\/b><span style=\"font-weight: 400;\"> Pour toute R\u00e9servation effectu\u00e9e sur les Services, en cas d\u2019annulation ou de modification du s\u00e9jour par le Client le jour pr\u00e9c\u00e9dant son arriv\u00e9e, apr\u00e8s 14h00, l\u2019H\u00f4tel du Helder conservera la totalit\u00e9 des sommes pay\u00e9es par le Client lors de sa R\u00e9servation. Outre l\u2019absence de remboursement, le Client ne pourra pr\u00e9tendre \u00e0 une quelconque indemnisation.\u00a0<\/span><\/p>\n<p><b>6.3<\/b><span style=\"font-weight: 400;\"> En cas de \u00ab\u00a0<\/span><i><span style=\"font-weight: 400;\">no show<\/span><\/i><span style=\"font-weight: 400;\">\u00a0\u00bb, R\u00e9servation non annul\u00e9e, mais pour laquelle le Client ne s\u2019est pas pr\u00e9sent\u00e9 \u00e0 l\u2019H\u00f4tel le jour r\u00e9serv\u00e9, l\u2019h\u00f4tel du Helder conservera la totalit\u00e9 des sommes pay\u00e9es par le Client lors de sa R\u00e9servation. Cette hypoth\u00e8se implique la lib\u00e9ration de la ou les nuit\u00e9es r\u00e9serv\u00e9es, permettant ainsi \u00e0 l\u2019H\u00f4tel de remettre les chambres, objet de la R\u00e9servation, \u00e0 la vente.<\/span><\/p>\n<p><b>6.4<\/b><span style=\"font-weight: 400;\"> En cas d\u2019interruption du s\u00e9jour, l\u2019int\u00e9gralit\u00e9 du prix convenu sera encaiss\u00e9e. Le Client ne pourra pr\u00e9tendre \u00e0 aucun remboursement ou \u00e0 une quelconque indemnisation.<\/span><\/p>\n<p><b>6.5<\/b><span style=\"font-weight: 400;\"> En cas de souscription \u00e0 une assurance annulation, il conviendra au Client de se r\u00e9f\u00e9rer aux modalit\u00e9s de ce contrat.\u00a0<\/span><\/p>\n<p><b>6.6<\/b><span style=\"font-weight: 400;\"> Conform\u00e9ment \u00e0 l\u2019article L.221-28 du Code de la consommation, le Client ne dispose pas du droit de r\u00e9tractation pr\u00e9vu \u00e0 l\u2019article L.221-18 du Code de la consommation, compte tenu de la nature des services fournis qui rel\u00e8vent des prestations d\u2019h\u00e9bergement qui doivent \u00eatre fournis \u00e0 une date ou \u00e0 une p\u00e9riode d\u00e9termin\u00e9e.\u00a0<\/span><\/p>\n<p>&nbsp;<\/p>\n<p><b>Article 7 \u2013 FOURNITURE DES PRESTATIONS<\/b><\/p>\n<p><b>7.1<\/b><span style=\"font-weight: 400;\"> Les Services r\u00e9serv\u00e9s par le Client, comprenant les Services d\u2019H\u00e9bergement et\/ou les Services Compl\u00e9mentaires seront fournis selon les modalit\u00e9s suivantes, dans les conditions pr\u00e9vues aux Conditions G\u00e9n\u00e9rales compl\u00e9t\u00e9es par les Conditions tarifaires dont le Client a pris connaissance et qu\u2019il a accept\u00e9es lors de sa R\u00e9servation \u00e0 distance sur le Site Internet de l\u2019H\u00f4tel ou lors de sa R\u00e9servation physique \u00e0 la r\u00e9ception de l\u2019H\u00f4tel.<\/span><\/p>\n<p><b>7.2<\/b><span style=\"font-weight: 400;\"> L\u2019H\u00f4tel du Helder, \u00e9tant tenu par une obligation de moyen, s\u2019engage \u00e0 mettre en \u0153uvre ses meilleurs efforts pour fournir les Services r\u00e9serv\u00e9s par le Client.\u00a0<\/span><\/p>\n<p><b>7.3<\/b><span style=\"font-weight: 400;\"> Les Services Compl\u00e9mentaires (petit-d\u00e9jeuner, parking etc) devront \u00eatre r\u00e9serv\u00e9s au pr\u00e9alable sur le Site Internet ou aupr\u00e8s de l\u2019H\u00f4tel du Helder. L\u2019H\u00f4tel du Helder ne peut garantir les disponibilit\u00e9s de ces Services.\u00a0<\/span><\/p>\n<p><b>7.4<\/b><span style=\"font-weight: 400;\"> A son arriv\u00e9e, il sera demand\u00e9 au Client de pr\u00e9senter en physique sa pi\u00e8ce d\u2019identit\u00e9 afin de s\u2019assurer de son obligation de pr\u00e9senter une Fiche de Police. Les photocopies, ainsi que les photographies de la carte d\u2019identit\u00e9 sur tout support ne pourront \u00eatre valables. Ainsi, en cas de non-pr\u00e9sentation ou d\u2019absence de pr\u00e9sentation physique de la carte d\u2019identit\u00e9, l\u2019H\u00f4tel Institut se r\u00e9serve le droit de ne pas fournir l\u2019ensemble des Services r\u00e9serv\u00e9s par le Client.\u00a0<\/span><\/p>\n<p><b>7.5<\/b><span style=\"font-weight: 400;\"> La chambre sera mise \u00e0 la disposition du Client le jour de son arriv\u00e9e \u00e0 14 heures. Le jour de son d\u00e9part, le Client devra lib\u00e9rer la chambre \u00e0 11 heures. Suivant les disponibilit\u00e9s, le Client pourra solliciter aupr\u00e8s de l\u2019H\u00f4tel un d\u00e9part apr\u00e8s 11 heures, \u00e0 condition toutefois de r\u00e9gler la somme de cinq (5) euros par heure suppl\u00e9mentaire. Cette demande devra \u00eatre fa\u00eete aupr\u00e8s de l\u2019H\u00f4tel le jour du d\u00e9part, avant 11 heures maximum.\u00a0<\/span><\/p>\n<p><b>7.6<\/b><span style=\"font-weight: 400;\"> Un acc\u00e8s WIFI (payant ou non) permettant aux Clients de se connecter \u00e0 Internet peut \u00eatre propos\u00e9 selon la Politique en vigueur de l\u2019H\u00f4tel. Le Client s\u2019engage \u00e0 ce que les ressources informatiques mises \u00e0 sa disposition par l\u2019H\u00f4tel ne soient en aucune mani\u00e8re utilis\u00e9es \u00e0 des fins de reproduction, de repr\u00e9sentation, de mise \u00e0 disposition ou de communication au public d\u2019\u0153uvres ou d\u2019objets prot\u00e9g\u00e9s par un droit d\u2019auteur ou par un droit voisin, tels que des textes, images, photographies, \u0153uvres musicales, \u0153uvres audiovisuelles, logiciels et jeux vid\u00e9o, sans l\u2019autorisation des titulaires des droits pr\u00e9vus aux livres Ier et II du Code de la propri\u00e9t\u00e9 intellectuelle lorsque cette autorisation est requise. Si le client ne se conforme pas aux obligations pr\u00e9cit\u00e9es, il risquerait de se voir reprocher un d\u00e9lit de contrefa\u00e7on, conform\u00e9ment \u00e0 l\u2019article L.335-3 du Code de la propri\u00e9t\u00e9 intellectuelle, sanctionn\u00e9e par une amende de 300\u00a0000 euros et de trois ans d\u2019emprisonnement. Le Client est par ailleurs tenu de se conformer \u00e0 la politique de s\u00e9curit\u00e9 du fournisseur d\u2019acc\u00e8s internet de l\u2019H\u00f4tel, y compris aux r\u00e8gles d\u2019utilisation des moyens de s\u00e9curisation mis en \u0153uvre dans le but de pr\u00e9venir l\u2019utilisation illicite des ressources informatiques et de s\u2019abstenir de tout acte portant atteinte \u00e0 l\u2019efficacit\u00e9 de ces moyens.\u00a0<\/span><\/p>\n<p>&nbsp;<\/p>\n<p><b>Article 8 \u2013 DELOGEMENT\u00a0<\/b><\/p>\n<p><span style=\"font-weight: 400;\">En cas d\u2019\u00e9v\u00e8nement exceptionnel ou en cas d\u2019impossibilit\u00e9 de mettre la chambre r\u00e9serv\u00e9e \u00e0 disposition du Client ou en cas de force majeure, l\u2019H\u00f4tel du Helder se r\u00e9serve la possibilit\u00e9 de faire h\u00e9berger le Client dans un h\u00f4tel de cat\u00e9gorie \u00e9quivalente, pour des prestations de m\u00eame nature et sous r\u00e9serve d\u2019en avoir inform\u00e9 au pr\u00e9alable le Client.\u00a0<\/span><\/p>\n<p>&nbsp;<\/p>\n<p><b>Article 9 \u2013 RESPONSABILITE DU CLIENT<\/b><\/p>\n<p><b>9.1<\/b><span style=\"font-weight: 400;\"> Le Client devra se conformer au R\u00e8glement Int\u00e9rieur de l\u2019H\u00f4tel disponible en Annexe des pr\u00e9sentes Conditions G\u00e9n\u00e9rales.\u00a0<\/span><\/p>\n<p><b>9.2 <\/b><span style=\"font-weight: 400;\">L\u2019H\u00f4tel est un espace non-fumeur. Le Client, en outre des sanctions d\u00e9crites \u00e0 l\u2019article 8.8, sera tenu responsable des dommages directs et\/ou indirects, cons\u00e9cutifs, r\u00e9sultant de l\u2019acte de fumer ou de vapoter dans l\u2019H\u00f4tel. Il sera par cons\u00e9quent, redevable de l\u2019int\u00e9gralit\u00e9 du montant des frais de nettoyage et de remise en l\u2019\u00e9tat initial de l\u2019\u00e9l\u00e9ment ou de l\u2019espace endommag\u00e9.\u00a0<\/span><\/p>\n<p><b>9.3 <\/b><span style=\"font-weight: 400;\">Les animaux de compagnie sont strictement interdits au sein de l\u2019H\u00f4tel, \u00e0 l\u2019exception des animaux d\u2019assistance.\u00a0<\/span><\/p>\n<p><b>9.4 <\/b><span style=\"font-weight: 400;\">Le Client ne doit pas perturber le fonctionnement de l\u2019H\u00f4tel et\/ou compromettre la s\u00e9curit\u00e9 de l\u2019H\u00f4tel ou des personnes qui s\u2019y trouvent et plus largement ne doit pas adopter tout comportement contraire aux bonnes m\u0153urs et \u00e0 l\u2019ordre public.\u00a0<\/span><\/p>\n<p><b>9.5<\/b><span style=\"font-weight: 400;\"> Le Client s\u2019engage \u00e0 ne recevoir aucun invit\u00e9 dans sa chambre, dont l\u2019identit\u00e9 de cette personne ne figure pas dans la R\u00e9servation des Services d\u2019H\u00e9bergement.\u00a0<\/span><\/p>\n<p><b>9.6<\/b><span style=\"font-weight: 400;\"> Le Client s\u2019engage \u00e0 cesser tout bruit entre 22 heures et 8 heures pour assurer la tranquillit\u00e9 de l\u2019ensemble des Clients de l\u2019H\u00f4tel du Helder.<\/span><\/p>\n<p><b>9.7<\/b><span style=\"font-weight: 400;\"> Le Client s\u2019engage \u00e0 ne pas r\u00e9server un s\u00e9jour d\u2019une dur\u00e9e sup\u00e9rieure \u00e0 quinze (15) jours cons\u00e9cutifs.\u00a0<\/span><\/p>\n<p><b>9.8<\/b><span style=\"font-weight: 400;\"> En cas de non-respect dudit R\u00e8glement, et plus pr\u00e9cis\u00e9ment de l\u2019ensemble des obligations vis\u00e9es ci-dessus au point 9.2 \u00e0 9.7, l\u2019H\u00f4tel se trouvera dans l\u2019obligation d\u2019inviter le Client \u00e0 quitter l\u2019H\u00f4tel et ce sans aucune indemnit\u00e9 et\/ou sans aucun remboursement si un r\u00e8glement a d\u00e9j\u00e0 \u00e9t\u00e9 effectu\u00e9. Dans le cas o\u00f9 aucun r\u00e8glement n\u2019a encore \u00e9t\u00e9 effectu\u00e9, le Client devra s\u2019acquitter de la totalit\u00e9 du prix du s\u00e9jour (nuit\u00e9es consomm\u00e9es plus nuit\u00e9es r\u00e9serv\u00e9es mais pas encore consomm\u00e9es) avant de quitter l\u2019\u00e9tablissement.<\/span><\/p>\n<p><b>9.9<\/b><span style=\"font-weight: 400;\"> Il sera demand\u00e9 \u00e0 l\u2019ensemble des Clients ayant r\u00e9serv\u00e9 \u00e0 distance ou sur place, un d\u00e9p\u00f4t de garantie de cent-cinquante (150) euros sous forme de prise d\u2019empreinte de carte bancaire. Cette prise d\u2019empreinte est une pr\u00e9-autorisation, qui n\u2019entra\u00eene pas de d\u00e9bit sur le compte du Client. Ce d\u00e9p\u00f4t de garantie ne sera utilis\u00e9 \u00e0 l\u2019issue du s\u00e9jour que si des indemnit\u00e9s devaient \u00eatre retenues pour les \u00e9ventuels d\u00e9g\u00e2ts occasionn\u00e9s ou si des prestations sur sites demeuraient impay\u00e9es. Une \u00e9ventuelle utilisation de ce d\u00e9p\u00f4t de garantie n\u2019exclut pas un d\u00e9dommagement suppl\u00e9mentaire dans les cas o\u00f9 les frais seraient sup\u00e9rieurs au montant de celui-ci.\u00a0<\/span><\/p>\n<p>&nbsp;<\/p>\n<p><b>Article 10 &#8211; RESPONSABILITE DE L\u2019HOTEL<\/b><\/p>\n<p><b>10.1<\/b><span style=\"font-weight: 400;\"> Le Client doit assurer la garde des biens apport\u00e9s par lui-m\u00eame. Il est notamment invit\u00e9 \u00e0 souscrire une assurance sp\u00e9cifique en cas de pr\u00e9sence de biens de valeur.\u00a0<\/span><\/p>\n<p><b>10.2<\/b><span style=\"font-weight: 400;\"> Le Client s\u2019engage \u00e0 informer l\u2019H\u00f4tel du Helder en cas de d\u00e9tention de biens\/d\u2019objets de valeur, et \u00e0 d\u00e9poser l\u2019ensemble de ces biens\/objets dans le coffre-fort mis \u00e0 sa disposition par l\u2019H\u00f4tel dans le bureau de la direction.\u00a0<\/span><\/p>\n<p><b>10.3<\/b><span style=\"font-weight: 400;\"> En cas de disparition ou de d\u00e9t\u00e9rioration d\u2019un bien appartenant au Client dans sa chambre d\u2019h\u00f4tel ou sur le parking priv\u00e9 de l\u2019h\u00f4tel, la responsabilit\u00e9 de l\u2019H\u00f4telier est limit\u00e9e et plafonn\u00e9e conform\u00e9ment \u00e0 l\u2019article 1953 du Code civil.\u00a0<\/span><\/p>\n<p><b>10.4<\/b><span style=\"font-weight: 400;\"> Pour toute r\u00e9clamation d\u2019un Client quant \u00e0 la disparition et\/ou la d\u00e9t\u00e9rioration d\u2019un de ses biens au sein de l\u2019H\u00f4tel ou sur le parking de celui-ci, le Client devra fournir \u00e0 l\u2019H\u00f4tel les justificatifs requis. En cas de vol, un d\u00e9p\u00f4t de plainte devra \u00eatre fourni, ainsi que tout justificatif d\u2019achat (preuve d\u2019achat, facture de l\u2019objet). En cas de d\u00e9t\u00e9rioration, tout justificatif de l\u2019objet endommag\u00e9, et toute preuve d\u2019achat ou de r\u00e9paration seront requis. A d\u00e9faut, la demande ne sera pas \u00e9tudi\u00e9e par l\u2019H\u00f4tel.<\/span><\/p>\n<p><b>10.5<\/b><span style=\"font-weight: 400;\"> La responsabilit\u00e9 de l\u2019H\u00f4telier ne pourra \u00eatre engag\u00e9e en cas de faute ou d\u2019imprudence du Client. Sont notamment constitutifs de faute les \u00e9l\u00e9ments suivants\u00a0:\u00a0<\/span><\/p>\n<p><span style=\"font-weight: 400;\">&#8211; L\u2019absence de d\u00e9claration d\u2019un bien\/d\u2019un objet de valeur par le Client aupr\u00e8s d\u2019un membre de l\u2019H\u00f4tel\u00a0;\u00a0<\/span><\/p>\n<p><span style=\"font-weight: 400;\">&#8211; L\u2019absence de d\u00e9position d\u2019un bien\/d\u2019un objet de valeur dans le coffre-fort de l\u2019H\u00f4tel\u00a0;\u00a0<\/span><\/p>\n<p><span style=\"font-weight: 400;\">&#8211; La pr\u00e9sence d\u2019objets\/de biens \u00e0 la vue de tous\u00a0;<\/span><\/p>\n<p><span style=\"font-weight: 400;\">&#8211; L\u2019oublie d\u2019objets\/de biens dans les espaces communs de l\u2019h\u00f4tel\u00a0;\u00a0<\/span><\/p>\n<p><span style=\"font-weight: 400;\">&#8211; L\u2019absence de fermeture \u00e0 clef de la porte de la chambre\u00a0ou de la voiture;\u00a0<\/span><\/p>\n<p><span style=\"font-weight: 400;\">Cette liste est non exhaustive.\u00a0<\/span><\/p>\n<p>&nbsp;<\/p>\n<p><b>Article 11 \u2013 PROTECTION DES DONNEES PERSONNELLES\u00a0<\/b><\/p>\n<p><b>11.1<\/b><span style=\"font-weight: 400;\"> Institut H\u00f4tel est amen\u00e9e \u00e0 collecter les donn\u00e9es personnelles de ses Clients lorsque ce dernier effectue une r\u00e9servation ou contacte l\u2019H\u00f4tel par le bais du formulaire de contact. Les donn\u00e9es collect\u00e9es des Clients sont\u00a0: civilit\u00e9, nom(s), pr\u00e9nom(s), adresse(s) postale(s), num\u00e9ro de t\u00e9l\u00e9phone, adresse \u00e9lectronique, donn\u00e9es bancaires. Les donn\u00e9es collect\u00e9es permettent d\u2019enregistrer les r\u00e9servations, de g\u00e9rer la participation du Client au programme de fid\u00e9lit\u00e9, de g\u00e9rer les r\u00e9clamations de ce dernier, et de lui communiquer des offres promotionnelles. La base l\u00e9gale des traitements est le contrat et le consentement.\u00a0<\/span><\/p>\n<p><b>11.2 <\/b><span style=\"font-weight: 400;\">Ces donn\u00e9es font l\u2019objet d\u2019un traitement automatis\u00e9 par Institut H\u00f4tel agissant en tant que Responsable de Traitement. Les donn\u00e9es recueillies sont tenues confidentielles et sont destin\u00e9es \u00e0 l\u2019usage exclusif de Institut H\u00f4tel. Elles pourront \u00eatre transmises exclusivement pour les besoins de la r\u00e9alisation des finalit\u00e9s mentionn\u00e9es ci-avant \u00e0 des sous-traitants, ou \u00e0 toute autorit\u00e9 administrative ou judiciaire afin de satisfaire \u00e0 toute obligation l\u00e9gale.\u00a0<\/span><\/p>\n<p><b>11.3 <\/b><span style=\"font-weight: 400;\">Conform\u00e9ment \u00e0 la r\u00e8glementation applicable en mati\u00e8re de protection des donn\u00e9es personnelles, le Client dispose d\u2019un droit d\u2019acc\u00e8s, de rectification, d\u2019effacement, de portabilit\u00e9, de limitation du traitement des donn\u00e9es, et d\u2019opposition. Le Client peut exercer ces droits en \u00e9crivant par courrier \u00e0 l\u2019adresse postale suivante\u00a0: H\u00f4tel du Helder, 38 rue de Marseille, 69007 Lyon, France ou par courriel \u00e0 l\u2019adresse email contact@helder.fr ou par t\u00e9l\u00e9phone au num\u00e9ro suivant 04.78.61.61.61. En cas de non-respect de ses droits, le Client peut \u00e9galement introduire une r\u00e9clamation aupr\u00e8s de la CNIL.<\/span><\/p>\n<p><b>11.4<\/b><span style=\"font-weight: 400;\"> Les donn\u00e9es sont conserv\u00e9es conform\u00e9ment \u00e0 la politique de conservation des donn\u00e9es personnelles. Pour plus d\u2019informations, le Client peut consulter sur le Site Internet la rubrique \u00ab\u00a0<\/span><i><span style=\"font-weight: 400;\">Politique de Confidentialit\u00e9<\/span><\/i><span style=\"font-weight: 400;\">\u00a0\u00bb en bas de la page.\u00a0<\/span><\/p>\n<p>&nbsp;<\/p>\n<p><b>Article 12 \u2013 PROPRIETE INTELLECTUELLE<\/b><\/p>\n<p><b>12.1<\/b><span style=\"font-weight: 400;\"> Le nom de domaine, ainsi que l\u2019ensemble des \u00e9l\u00e9ments et contenus figurant sur le Site Internet, sont la propri\u00e9t\u00e9 exclusive de Institut H\u00f4tel et sont prot\u00e9g\u00e9s, pour le monde entier, au titre des droits d&#8217;auteur et de propri\u00e9t\u00e9 intellectuelle.\u00a0<\/span><\/p>\n<p><b>12.2<\/b><span style=\"font-weight: 400;\"> Leur reproduction, m\u00eame partielle, est strictement interdite, sauf autorisation pr\u00e9alable et expresse de Institut H\u00f4tel. Dans les m\u00eames conditions, leur utilisation est limit\u00e9e \u00e0 un usage strictement priv\u00e9. Toute utilisation ou reproduction, m\u00eame partielle, d\u2019un des \u00e9l\u00e9ments du site portail \u00e0 l\u2019int\u00e9rieur d\u2019un site tiers par le biais de proc\u00e9d\u00e9s dits d\u2019inclusion, de cadres (frames), d\u2019inlining ou de tout autre proc\u00e9d\u00e9 de nature similaire sont formellement interdits.<\/span><\/p>\n<p><b>12.3<\/b><span style=\"font-weight: 400;\"> Toute reproduction ou toute autre utilisation est constitutive de contrefa\u00e7on et sanctionn\u00e9e comme telle au titre du Code de la propri\u00e9t\u00e9 intellectuelle, sauf autorisation pr\u00e9alable et expresse de Institut H\u00f4tel.\u00a0<\/span><\/p>\n<p><b>Article 13 \u2013 IMPREVISION<\/b><\/p>\n<p><span style=\"font-weight: 400;\">En cas de changement de circonstances impr\u00e9visibles lors de la conclusion du contrat, conform\u00e9ment aux dispositions de l&#8217;article 1195 du Code civil, la Partie qui n&#8217;a pas accept\u00e9 d&#8217;assumer un risque d&#8217;ex\u00e9cution excessivement on\u00e9reuse peut demander une ren\u00e9gociation du contrat \u00e0 son cocontractant.<\/span><\/p>\n<p>&nbsp;<\/p>\n<p><b>Article 14 &#8211; FORCE MAJEURE\u00a0<\/b><\/p>\n<p><b>14.1<\/b><span style=\"font-weight: 400;\"> La force majeure s\u2019entend de tout \u00e9v\u00e8nement ext\u00e9rieur aux parties pr\u00e9sentant un caract\u00e8re \u00e0 la fois impr\u00e9visible, irr\u00e9sistible (insurmontable) et ext\u00e9rieur aux parties qui emp\u00eache soit le Client, soit l\u2019H\u00f4telier d\u2019assurer tout ou partie des obligations pr\u00e9vues au contrat. Sont consid\u00e9r\u00e9s comme cas de force majeure ou cas fortuit ceux habituellement reconnus par la jurisprudence des Cours et Tribunaux fran\u00e7ais.\u00a0<\/span><\/p>\n<p><b>14.2<\/b><span style=\"font-weight: 400;\"> Chaque Partie ne pourra \u00eatre tenue pour responsable \u00e0 l\u2019\u00e9gard de l\u2019autre Partie en cas d\u2019inex\u00e9cution ou de retard dans l\u2019ex\u00e9cution de l\u2019une quelconque de ses obligations r\u00e9sultant d\u2019un \u00e9v\u00e8nement de force majeure, telles que d\u00e9crites dans les pr\u00e9sentes, au sens de l\u2019article 1218 du Code civil.\u00a0<\/span><\/p>\n<p>&nbsp;<\/p>\n<p><b>Article 15 \u2013 RECLAMATIONS \u2013 SERVICE CLIENT\u00a0<\/b><\/p>\n<p><b>15.1<\/b><span style=\"font-weight: 400;\"> Pour toute r\u00e9clamation relative \u00e0 une R\u00e9servation h\u00f4teli\u00e8re, le Client peut contacter le service client par le biais du formulaire de \u00ab\u00a0Contact \u00bb disponible sur le Site Internet.\u00a0<\/span><\/p>\n<p><b>15.2<\/b><span style=\"font-weight: 400;\"> Le Client peut \u00e9galement contacter le service client par courrier \u00e0 l\u2019adresse suivante\u00a0:\u00a0<\/span><\/p>\n<p><i><span style=\"font-weight: 400;\">H\u00f4tel du Helder,<\/span><\/i><\/p>\n<p><i><span style=\"font-weight: 400;\">38 rue de Marseille<\/span><\/i><\/p>\n<p><i><span style=\"font-weight: 400;\">69007 Lyon, France<\/span><\/i><\/p>\n<p>&nbsp;<\/p>\n<p><b>Article 16 \u2013 DROIT APPLICABLE \u2013 LANGUE<\/b><\/p>\n<p><b>16.1<\/b><span style=\"font-weight: 400;\"> Les Conditions G\u00e9n\u00e9rales sont r\u00e9dig\u00e9es en fran\u00e7ais dans leur version originale qui seule fait foi et pr\u00e9vaut sur toute autre version.\u00a0<\/span><\/p>\n<p><b>16.2<\/b><span style=\"font-weight: 400;\"> Ces Conditions G\u00e9n\u00e9rales seront ex\u00e9cut\u00e9es et interpr\u00e9t\u00e9es conform\u00e9ment au droit fran\u00e7ais.<\/span><\/p>\n<p>&nbsp;<\/p>\n<p><b>Article 17 &#8211; LITIGES<\/b><\/p>\n<p><b>17.1<\/b><span style=\"font-weight: 400;\"> En cas de litige relatif aux pr\u00e9sentes Conditions G\u00e9n\u00e9rales, le Client et l\u2019H\u00f4tel du Helder essaieront dans la mesure du possible de r\u00e9soudre leur litige \u00e0 l&#8217;amiable. Le Client devra adresser \u00e0 l\u2019H\u00f4tel du Helder une r\u00e9clamation amiable directement par le biais du formulaire de \u00ab\u00a0<\/span><i><span style=\"font-weight: 400;\">Contact<\/span><\/i><span style=\"font-weight: 400;\"> \u00bb sur le Site Internet, ou par courrier \u00e0 l\u2019adresse suivante\u00a0: 38 rue de Marseille \u2013 69007 Lyon \u2013 France.\u00a0<\/span><\/p>\n<p><b>17.2<\/b><span style=\"font-weight: 400;\"> Si cette tentative amiable \u00e9choue, le Client pourra recourir \u00e0 une proc\u00e9dure de m\u00e9diation conventionnelle, notamment aupr\u00e8s de la Commission de la m\u00e9diation de la consommation (article L.612-1 du Code de la consommation) ou \u00e0 tout autre mode alternatif de r\u00e8glement des diff\u00e9rends et notamment en ayant recours, gratuitement, dans le d\u00e9lai d&#8217;un an \u00e0 compter de sa r\u00e9clamation \u00e9crite, au m\u00e9diateur de la consommation comp\u00e9tent :\u00a0<\/span><\/p>\n<p><b>MTV M\u00e9diation Tourisme Voyage<\/b><\/p>\n<p><b>BP 80\u00a0303<\/b><\/p>\n<p><b>75823 Paris Cedex.<\/b><\/p>\n<p><span style=\"font-weight: 400;\">Pour plus d\u2019information sur le M\u00e9diateur Tourisme Voyage, le Client peut consulter son site internet\u00a0:\u00a0<\/span><a href=\"http:\/\/www.mtv.travel\/\"><span style=\"font-weight: 400;\">www.mtv.travel\/<\/span><\/a><span style=\"font-weight: 400;\">.<\/span><\/p>\n<p><b>17.3<\/b><span style=\"font-weight: 400;\"> Enfin le Client pourra, afin de r\u00e9soudre son litige, acc\u00e9der \u00e0 la plateforme europ\u00e9enne de r\u00e8glement des litiges en ligne pr\u00e9vu par le r\u00e8glement (UE) no 524\/2013 du 21 mai 2013 relatif au r\u00e8glement en ligne des litiges de consommation, notamment transfrontaliers, en suivant le lien http:\/\/ec.europa.eu\/consumers\/odr\/.<\/span><\/p>\n<p><b>17.4<\/b><span style=\"font-weight: 400;\"> En cas d&#8217;\u00e9chec de cette m\u00e9diation, ou si le Client ne souhaite pas y recourir, le Client pourra soumettre le diff\u00e9rend aux tribunaux comp\u00e9tents.<\/span><\/p>\n<p>&nbsp;<\/p>\n<p><b>Article 18 \u2013 INFORMATIONS PRECONTRACTUELLES<\/b><\/p>\n<p><b>18.1<\/b><span style=\"font-weight: 400;\"> Le Client reconna\u00eet avoir eu communication, pr\u00e9alablement \u00e0 la passation de sa R\u00e9servation et \u00e0 la conclusion du contrat, d&#8217;une mani\u00e8re lisible et compr\u00e9hensible, des pr\u00e9sentes Conditions G\u00e9n\u00e9rales de Vente et de toutes les informations list\u00e9es \u00e0 l&#8217;article L. 221-5 du Code de la consommation, et notamment les informations suivantes :<\/span><\/p>\n<p><span style=\"font-weight: 400;\">&#8211;\u00a0 les caract\u00e9ristiques essentielles des Services, compte tenu du support de communication utilis\u00e9 et du Service concern\u00e9 ; &#8211;<\/span><\/p>\n<p><span style=\"font-weight: 400;\">&#8211;\u00a0 le prix des Services et des frais annexes\u00a0;\u00a0<\/span><\/p>\n<p><span style=\"font-weight: 400;\">&#8211;\u00a0 en l&#8217;absence d&#8217;ex\u00e9cution imm\u00e9diate du contrat, la date ou le d\u00e9lai auquel le Prestataire s&#8217;engage \u00e0 fournir les Services command\u00e9s ;<\/span><\/p>\n<p><span style=\"font-weight: 400;\">&#8211;\u00a0 les informations relatives \u00e0 l&#8217;identit\u00e9 du Prestataire, \u00e0 ses coordonn\u00e9es postales, t\u00e9l\u00e9phoniques et \u00e9lectroniques, et \u00e0 ses activit\u00e9s, si elles ne ressortent pas du contexte\u00a0;\u00a0<\/span><\/p>\n<p><span style=\"font-weight: 400;\">&#8211;\u00a0 les informations relatives aux garanties l\u00e9gales et contractuelles et \u00e0 leurs modalit\u00e9s de mise en \u0153uvre ;<\/span><\/p>\n<p><span style=\"font-weight: 400;\">&#8211;\u00a0 les fonctionnalit\u00e9s du contenu num\u00e9rique et, le cas \u00e9ch\u00e9ant, \u00e0 son interop\u00e9rabilit\u00e9 ;<\/span><\/p>\n<p><span style=\"font-weight: 400;\">&#8211;\u00a0 la possibilit\u00e9 de recourir \u00e0 une m\u00e9diation conventionnelle en cas de litige ;<\/span><\/p>\n<p><span style=\"font-weight: 400;\">&#8211;\u00a0 les informations relatives au droit de r\u00e9tractation et aux modalit\u00e9s de r\u00e9siliation et autres conditions contractuelles importantes\u00a0;\u00a0<\/span><\/p>\n<p><span style=\"font-weight: 400;\">&#8211;\u00a0 les moyens de paiement accept\u00e9s.<\/span><\/p>\n<p><b>18.2 <\/b><span style=\"font-weight: 400;\">Le fait pour une personne physique (ou morale), de r\u00e9server sur le Site Internet de l\u2019H\u00f4tel emporte adh\u00e9sion et acceptation pleine et enti\u00e8re des pr\u00e9sentes Conditions G\u00e9n\u00e9rales et obligation au paiement des Services command\u00e9s, ce qui est express\u00e9ment reconnu par le Client, qui renonce, notamment, \u00e0 se pr\u00e9valoir de tout document contradictoire, qui serait inopposable.\u00a0<\/span><\/p>\n<p style=\"text-align: center;\"><b>ANNEXE 1\u00a0: R\u00e8glement Int\u00e9rieur de l\u2019H\u00f4tel du Helder<\/b><\/p>\n<p>&nbsp;<\/p>\n<p><b>ACC\u00c8S AUX CHAMBRES<\/b><\/p>\n<p><span style=\"font-weight: 400;\">Les chambres sont disponibles \u00e0 partir de 14H00 et doivent \u00eatre\u00a0lib\u00e9r\u00e9es \u00e0 11h00\u00a0le lendemain matin. Attention, en cas de d\u00e9part au-del\u00e0, un\u00a0late check out vous sera factur\u00e9 (5\u20ac). Si vous d\u00e9sirez conserver la chambre une nuit suppl\u00e9mentaire, le paiement de la chambre doit \u00eatre effectu\u00e9 avant 12h00, sous r\u00e9serve de disponibilit\u00e9. De plus votre chambre est pr\u00e9vue pour un nombre de personnes d\u00e9termin\u00e9 ; pour assurer les r\u00e8gles de s\u00e9curit\u00e9 de l\u2019h\u00f4tel vous ne devez en aucun cas h\u00e9berger des personnes suppl\u00e9mentaires. Merci de veiller \u00e0 ce que la porte de votre chambre soit bien ferm\u00e9e avant de quitter la chambre.<\/span><\/p>\n<p><b>INTERDICTIONS<\/b><\/p>\n<p><span style=\"font-weight: 400;\">Nous vous rappelons que l&#8217;interdiction de fumer est en vigueur dans tous les lieux qui re\u00e7oivent du public depuis le 2 janvier 2008. Il est absolument interdit de fumer dans les chambres pour des raisons \u00e9videntes de s\u00e9curit\u00e9 et de confort (le non-respect entra\u00eenera une indemnit\u00e9 pouvant aller de 80\u20ac \u00e0 150\u20ac\u00a0dans l\u2019objectif de remettre la chambre en \u00e9tat (travail des femmes de chambre, frais de lingerie, potentielle non-location de la chambre). Il est interdit d&#8217;utiliser dans les chambres des appareils \u00e0 gaz, par exemple : r\u00e9chaud, etc.<\/span><\/p>\n<p><b>ANIMAUX<\/b><\/p>\n<p><span style=\"font-weight: 400;\">Les animaux ne sont pas accept\u00e9s, quels qu\u2019ils soient. Sauf les chiens guide.<\/span><\/p>\n<p><b>PETIT-D\u00c9JEUNER<\/b><\/p>\n<p><span style=\"font-weight: 400;\">Le petit-d\u00e9jeuner est au prix de 9\u20ac50. Servi \u00e0 partir de 7h00 jusqu\u2019\u00e0 10h00.<\/span><\/p>\n<p><b>EFFETS PERSONNELS<\/b><\/p>\n<p><span style=\"font-weight: 400;\">L\u2019h\u00f4tel du Helder d\u00e9cline toute responsabilit\u00e9 pour vos bagages ou objets d\u00e9pos\u00e9s dans les lieux publics. Vous avez la possibilit\u00e9 d\u2019acc\u00e9der \u00e0 une bagagerie s\u00e9curis\u00e9e \u00e0 laquelle seulement les employ\u00e9s ont acc\u00e8s.\u00a0<\/span><\/p>\n<p><b>D\u00c9GRADATION<\/b><\/p>\n<p><span style=\"font-weight: 400;\">Nous vous demandons de respecter les lieux ainsi que la d\u00e9coration de votre chambre. En cas de d\u00e9gradation, le client devra engager sa responsabilit\u00e9 civile. De m\u00eame pour la disparition d\u2019articles. Nous pourrons \u00e0 tout moment d\u00e9biter votre carte bancaire si nous estimons que les d\u00e9g\u00e2ts caus\u00e9s ou les disparitions constat\u00e9es engendrent des frais. Chaque article de votre chambre \u00e0 un tarif d\u00e9fini, vous avez la possibilit\u00e9 de consulter cette liste \u00e0 la r\u00e9ception.<\/span><\/p>\n<p><b>NUISANCES<\/b><\/p>\n<p><span style=\"font-weight: 400;\">Pour le respect de tous les r\u00e9sidents, veillez s\u2019il vous plait \u00e0 ne pas claquer les portes ni \u00e0 faire trop de bruit tout particuli\u00e8rement entre 21h et 8h. Tout bruit li\u00e9 au comportement d&#8217;une personne pourra amener le client \u00e0 devoir quitter l&#8217;\u00e9tablissement sans qu&#8217;il ne soit n\u00e9cessaire de proc\u00e9der \u00e0 des mesures acoustiques &#8211; d\u00e8s lors que le bruit engendr\u00e9 est de nature \u00e0 porter atteinte \u00e0 la tranquillit\u00e9 de la client\u00e8le (art. R.1334-30 et R ;1334-31 du Code de la Sant\u00e9 Publique). Une chambre d&#8217;h\u00f4tel est un lieu de repos par nature. Tout commerce y est formellement interdit. Tout s\u00e9jour entra\u00eene l\u2019acceptation du r\u00e8glement int\u00e9rieur.\u00a0<\/span><b>EN CAS DE NON-RESPECT PAR LE CLIENT D&#8217;UNE DE CES DISPOSITIONS, L&#8217;H\u00d4TELIER SE TROUVERA DANS L&#8217;OBLIGATION DE CONDUIRE LE CLIENT \u00c0 QUITTER L&#8217;\u00c9TABLISSEMENT ET CE, SANS AUCUNE INDEMNIT\u00c9.<\/b><\/p>\n<p>&nbsp;<\/p>\n<p><b>* * * *<\/b><\/p>\n","protected":false},"excerpt":{"rendered":"<p>CONDITIONS GENERALES DE PRESTATIONS DE SERVICES Version en date du 03 juillet 2023 &nbsp; Article 1 \u2013 DEFINITIONS Les termes d\u00e9finis ci-apr\u00e8s auront les significations suivantes dans les pr\u00e9sentes conditions g\u00e9n\u00e9rales de prestations de services\u00a0:\u00a0 \u00ab\u00a0Client(s)\u00a0\u00bb\u00a0: d\u00e9signe toute personne physique ayant la majorit\u00e9 l\u00e9gale et la pleine capacit\u00e9 juridique lui permettant de s\u2019engager au titre [&hellip;]<\/p>\n","protected":false},"author":531,"featured_media":0,"parent":0,"menu_order":0,"comment_status":"closed","ping_status":"closed","template":"","meta":{"footnotes":""},"class_list":["post-141","page","type-page","status-publish","hentry"],"yoast_head":"<!-- This site is optimized with the Yoast SEO plugin v26.9 - https:\/\/yoast.com\/product\/yoast-seo-wordpress\/ -->\n<title>Mentions l\u00e9gales et politique de confidentialit\u00e9 - H\u00f4tel Du Helder<\/title>\n<meta name=\"description\" content=\"CONDITIONS GENERALES DE PRESTATIONS DE SERVICES Version en date du 03 juillet 2023 &nbsp; Article 1 \u2013 DEFINITIONS Les termes d\u00e9finis ci-apr\u00e8s auront les\" \/>\n<meta name=\"robots\" content=\"index, follow, max-snippet:-1, max-image-preview:large, max-video-preview:-1\" \/>\n<link rel=\"canonical\" href=\"https:\/\/www.hotel-helder.fr\/en\/legal-notice\/\" \/>\n<meta property=\"og:locale\" content=\"en_US\" \/>\n<meta property=\"og:type\" content=\"article\" \/>\n<meta property=\"og:title\" content=\"Mentions l\u00e9gales et politique de confidentialit\u00e9 - H\u00f4tel Du Helder\" \/>\n<meta property=\"og:description\" content=\"CONDITIONS GENERALES DE PRESTATIONS DE SERVICES Version en date du 03 juillet 2023 &nbsp; Article 1 \u2013 DEFINITIONS Les termes d\u00e9finis ci-apr\u00e8s auront les\" \/>\n<meta property=\"og:url\" content=\"https:\/\/www.hotel-helder.fr\/en\/legal-notice\/\" \/>\n<meta property=\"og:site_name\" content=\"H\u00f4tel Du Helder\" \/>\n<meta property=\"article:modified_time\" content=\"2023-10-03T11:32:54+00:00\" \/>\n<meta name=\"twitter:card\" content=\"summary_large_image\" \/>\n<meta name=\"twitter:label1\" content=\"Est. reading time\" \/>\n\t<meta name=\"twitter:data1\" content=\"13 minutes\" \/>\n<script type=\"application\/ld+json\" class=\"yoast-schema-graph\">{\"@context\":\"https:\/\/schema.org\",\"@graph\":[{\"@type\":\"WebPage\",\"@id\":\"https:\/\/www.hotel-helder.fr\/en\/legal-notice\/\",\"url\":\"https:\/\/www.hotel-helder.fr\/en\/legal-notice\/\",\"name\":\"Mentions l\u00e9gales et politique de confidentialit\u00e9 - H\u00f4tel Du Helder\",\"isPartOf\":{\"@id\":\"https:\/\/www.hotel-helder.fr\/en\/#website\"},\"datePublished\":\"2023-03-06T16:28:06+00:00\",\"dateModified\":\"2023-10-03T11:32:54+00:00\",\"description\":\"CONDITIONS GENERALES DE PRESTATIONS DE SERVICES Version en date du 03 juillet 2023 &nbsp; Article 1 \u2013 DEFINITIONS Les termes d\u00e9finis ci-apr\u00e8s auront les\",\"breadcrumb\":{\"@id\":\"https:\/\/www.hotel-helder.fr\/en\/legal-notice\/#breadcrumb\"},\"inLanguage\":\"en-US\",\"potentialAction\":[{\"@type\":\"ReadAction\",\"target\":[\"https:\/\/www.hotel-helder.fr\/en\/legal-notice\/\"]}]},{\"@type\":\"BreadcrumbList\",\"@id\":\"https:\/\/www.hotel-helder.fr\/en\/legal-notice\/#breadcrumb\",\"itemListElement\":[{\"@type\":\"ListItem\",\"position\":1,\"name\":\"Accueil\",\"item\":\"https:\/\/www.hotel-helder.fr\/en\/\"},{\"@type\":\"ListItem\",\"position\":2,\"name\":\"Mentions l\u00e9gales et politique de confidentialit\u00e9\"}]},{\"@type\":\"WebSite\",\"@id\":\"https:\/\/www.hotel-helder.fr\/en\/#website\",\"url\":\"https:\/\/www.hotel-helder.fr\/en\/\",\"name\":\"H\u00f4tel Du Helder\",\"description\":\"\",\"potentialAction\":[{\"@type\":\"SearchAction\",\"target\":{\"@type\":\"EntryPoint\",\"urlTemplate\":\"https:\/\/www.hotel-helder.fr\/en\/?s={search_term_string}\"},\"query-input\":{\"@type\":\"PropertyValueSpecification\",\"valueRequired\":true,\"valueName\":\"search_term_string\"}}],\"inLanguage\":\"en-US\"}]}<\/script>\n<!-- \/ Yoast SEO plugin. -->","yoast_head_json":{"title":"Mentions l\u00e9gales et politique de confidentialit\u00e9 - H\u00f4tel Du Helder","description":"CONDITIONS GENERALES DE PRESTATIONS DE SERVICES Version en date du 03 juillet 2023 &nbsp; Article 1 \u2013 DEFINITIONS Les termes d\u00e9finis ci-apr\u00e8s auront les","robots":{"index":"index","follow":"follow","max-snippet":"max-snippet:-1","max-image-preview":"max-image-preview:large","max-video-preview":"max-video-preview:-1"},"canonical":"https:\/\/www.hotel-helder.fr\/en\/legal-notice\/","og_locale":"en_US","og_type":"article","og_title":"Mentions l\u00e9gales et politique de confidentialit\u00e9 - H\u00f4tel Du Helder","og_description":"CONDITIONS GENERALES DE PRESTATIONS DE SERVICES Version en date du 03 juillet 2023 &nbsp; Article 1 \u2013 DEFINITIONS Les termes d\u00e9finis ci-apr\u00e8s auront les","og_url":"https:\/\/www.hotel-helder.fr\/en\/legal-notice\/","og_site_name":"H\u00f4tel Du Helder","article_modified_time":"2023-10-03T11:32:54+00:00","twitter_card":"summary_large_image","twitter_misc":{"Est. reading time":"13 minutes"},"schema":{"@context":"https:\/\/schema.org","@graph":[{"@type":"WebPage","@id":"https:\/\/www.hotel-helder.fr\/en\/legal-notice\/","url":"https:\/\/www.hotel-helder.fr\/en\/legal-notice\/","name":"Mentions l\u00e9gales et politique de confidentialit\u00e9 - H\u00f4tel Du Helder","isPartOf":{"@id":"https:\/\/www.hotel-helder.fr\/en\/#website"},"datePublished":"2023-03-06T16:28:06+00:00","dateModified":"2023-10-03T11:32:54+00:00","description":"CONDITIONS GENERALES DE PRESTATIONS DE SERVICES Version en date du 03 juillet 2023 &nbsp; Article 1 \u2013 DEFINITIONS Les termes d\u00e9finis ci-apr\u00e8s auront les","breadcrumb":{"@id":"https:\/\/www.hotel-helder.fr\/en\/legal-notice\/#breadcrumb"},"inLanguage":"en-US","potentialAction":[{"@type":"ReadAction","target":["https:\/\/www.hotel-helder.fr\/en\/legal-notice\/"]}]},{"@type":"BreadcrumbList","@id":"https:\/\/www.hotel-helder.fr\/en\/legal-notice\/#breadcrumb","itemListElement":[{"@type":"ListItem","position":1,"name":"Accueil","item":"https:\/\/www.hotel-helder.fr\/en\/"},{"@type":"ListItem","position":2,"name":"Mentions l\u00e9gales et politique de confidentialit\u00e9"}]},{"@type":"WebSite","@id":"https:\/\/www.hotel-helder.fr\/en\/#website","url":"https:\/\/www.hotel-helder.fr\/en\/","name":"H\u00f4tel Du Helder","description":"","potentialAction":[{"@type":"SearchAction","target":{"@type":"EntryPoint","urlTemplate":"https:\/\/www.hotel-helder.fr\/en\/?s={search_term_string}"},"query-input":{"@type":"PropertyValueSpecification","valueRequired":true,"valueName":"search_term_string"}}],"inLanguage":"en-US"}]}},"acf":[],"_links":{"self":[{"href":"https:\/\/www.hotel-helder.fr\/en\/wp-json\/wp\/v2\/pages\/141","targetHints":{"allow":["GET"]}}],"collection":[{"href":"https:\/\/www.hotel-helder.fr\/en\/wp-json\/wp\/v2\/pages"}],"about":[{"href":"https:\/\/www.hotel-helder.fr\/en\/wp-json\/wp\/v2\/types\/page"}],"author":[{"embeddable":true,"href":"https:\/\/www.hotel-helder.fr\/en\/wp-json\/wp\/v2\/users\/531"}],"replies":[{"embeddable":true,"href":"https:\/\/www.hotel-helder.fr\/en\/wp-json\/wp\/v2\/comments?post=141"}],"version-history":[{"count":0,"href":"https:\/\/www.hotel-helder.fr\/en\/wp-json\/wp\/v2\/pages\/141\/revisions"}],"wp:attachment":[{"href":"https:\/\/www.hotel-helder.fr\/en\/wp-json\/wp\/v2\/media?parent=141"}],"curies":[{"name":"wp","href":"https:\/\/api.w.org\/{rel}","templated":true}]}}